{"id":116,"date":"2019-04-23T11:18:29","date_gmt":"2019-04-23T09:18:29","guid":{"rendered":"http:\/\/localhost\/owrk\/?page_id=116"},"modified":"2026-04-15T12:03:51","modified_gmt":"2026-04-15T10:03:51","slug":"zespol-medyczny","status":"publish","type":"page","link":"https:\/\/rehabilitacjakardiologiczna.kopernik.lodz.pl\/?page_id=116","title":{"rendered":"Zesp\u00f3\u0142 medyczny"},"content":{"rendered":"\n<div style=\"height:30px\" aria-hidden=\"true\" class=\"wp-block-spacer\"><\/div>\n\n\n\n<figure class=\"wp-block-gallery has-nested-images columns-default is-cropped wp-block-gallery-1 is-layout-flex wp-block-gallery-is-layout-flex\"><div class=\"wp-block-image\">\n<figure class=\"aligncenter size-large\"><img loading=\"lazy\" decoding=\"async\" width=\"1024\" height=\"660\" data-id=\"589\" src=\"https:\/\/rehabilitacjakardiologiczna.kopernik.lodz.pl\/wp-content\/uploads\/2025\/06\/korczak-foto-zespol-1024x660.jpg\" alt=\"\" class=\"wp-image-589\" srcset=\"https:\/\/rehabilitacjakardiologiczna.kopernik.lodz.pl\/wp-content\/uploads\/2025\/06\/korczak-foto-zespol-1024x660.jpg 1024w, https:\/\/rehabilitacjakardiologiczna.kopernik.lodz.pl\/wp-content\/uploads\/2025\/06\/korczak-foto-zespol-300x193.jpg 300w, https:\/\/rehabilitacjakardiologiczna.kopernik.lodz.pl\/wp-content\/uploads\/2025\/06\/korczak-foto-zespol-768x495.jpg 768w, https:\/\/rehabilitacjakardiologiczna.kopernik.lodz.pl\/wp-content\/uploads\/2025\/06\/korczak-foto-zespol-1536x989.jpg 1536w, https:\/\/rehabilitacjakardiologiczna.kopernik.lodz.pl\/wp-content\/uploads\/2025\/06\/korczak-foto-zespol.jpg 2018w\" sizes=\"auto, (max-width: 1024px) 100vw, 1024px\" \/><\/figure>\n<\/div><\/figure>\n\n\n\n<hr class=\"wp-block-separator has-alpha-channel-opacity\"\/>\n\n\n\n<div class=\"wp-block-media-text is-stacked-on-mobile\" style=\"grid-template-columns:20% auto\"><figure class=\"wp-block-media-text__media\"><img loading=\"lazy\" decoding=\"async\" width=\"409\" height=\"419\" src=\"https:\/\/rehabilitacjakardiologiczna.kopernik.lodz.pl\/wp-content\/uploads\/2025\/06\/popioly-kierownik-kolko-wer-2.png\" alt=\"\" class=\"wp-image-582 size-full\" srcset=\"https:\/\/rehabilitacjakardiologiczna.kopernik.lodz.pl\/wp-content\/uploads\/2025\/06\/popioly-kierownik-kolko-wer-2.png 409w, https:\/\/rehabilitacjakardiologiczna.kopernik.lodz.pl\/wp-content\/uploads\/2025\/06\/popioly-kierownik-kolko-wer-2-293x300.png 293w\" sizes=\"auto, (max-width: 409px) 100vw, 409px\" \/><\/figure><div class=\"wp-block-media-text__content\">\n<p><strong>dr n. med. Rafa\u0142 Gawor<\/strong> \u2013 kierownik O\u015brodka<\/p>\n<\/div><\/div>\n\n\n\n<div style=\"height:20px\" aria-hidden=\"true\" class=\"wp-block-spacer\"><\/div>\n\n\n\n<div class=\"wp-block-media-text is-stacked-on-mobile\" style=\"grid-template-columns:20% auto\"><figure class=\"wp-block-media-text__media\"><img loading=\"lazy\" decoding=\"async\" width=\"409\" height=\"419\" src=\"https:\/\/rehabilitacjakardiologiczna.kopernik.lodz.pl\/wp-content\/uploads\/2025\/06\/popioly-zastepca-kierownik-kolko.png\" alt=\"\" class=\"wp-image-583 size-full\" srcset=\"https:\/\/rehabilitacjakardiologiczna.kopernik.lodz.pl\/wp-content\/uploads\/2025\/06\/popioly-zastepca-kierownik-kolko.png 409w, https:\/\/rehabilitacjakardiologiczna.kopernik.lodz.pl\/wp-content\/uploads\/2025\/06\/popioly-zastepca-kierownik-kolko-293x300.png 293w\" sizes=\"auto, (max-width: 409px) 100vw, 409px\" \/><\/figure><div class=\"wp-block-media-text__content\">\n<p><strong>lek. Agnieszka Miko\u0142ajczyk-Podlasek<\/strong> \u2013 z-ca kierownika O\u015brodka<\/p>\n<\/div><\/div>\n\n\n\n<hr class=\"wp-block-separator has-alpha-channel-opacity\"\/>\n\n\n\n<p><strong>Zesp\u00f3\u0142 lekarski:<\/strong><\/p>\n\n\n\n<ul class=\"wp-block-list\">\n<li>dr n. med. Rafa\u0142 Gawor \u2013 kierownik O\u015brodka<\/li>\n\n\n\n<li>lek. Agnieszka Miko\u0142ajczyk-Podlasek \u2013 z-ca kierownika O\u015brodka<\/li>\n\n\n\n<li>lek. Katarzyna Machnicka \u2013 st. asystent<\/li>\n\n\n\n<li>lek. Janusz Jusis \u2013 st. asystent<\/li>\n\n\n\n<li>lek. Joanna Harapi\u0144ska \u2013 st. asystent<\/li>\n<\/ul>\n\n\n\n<p><strong>Zesp\u00f3\u0142 fizjoterapeut\u00f3w:<\/strong><\/p>\n\n\n\n<ul class=\"wp-block-list\">\n<li>dr n. med. Jacek Chrzczanowicz \u2013 koordynator zespo\u0142u fizjoterapeut\u00f3w<\/li>\n\n\n\n<li>mgr Ewa Jac \u2013 fizjoterapeuta<\/li>\n\n\n\n<li>mgr Dorota Kajdos \u2013 fizjoterapeuta<\/li>\n\n\n\n<li>mgr Rados\u0142aw Ludwiczak \u2013 fizjoterapeuta<\/li>\n\n\n\n<li>mgr Ma\u0142gorzata Lipi\u0144ska \u2013 fizjoterapeuta<\/li>\n\n\n\n<li>mgr Grzegorz Polakowski \u2013 fizjoterapeuta<\/li>\n<\/ul>\n\n\n\n<p><strong>Zesp\u00f3\u0142 piel\u0119gniarski:<\/strong><\/p>\n\n\n\n<ul class=\"wp-block-list\">\n<li>mgr Mariola Kozakiewicz \u2013 piel\u0119gniarka koordynuj\u0105ca<\/li>\n\n\n\n<li>mgr Ilona Merecz<\/li>\n\n\n\n<li>mgr Edyta Michalak<\/li>\n\n\n\n<li>mgr Marika Pi\u0105tkowska<\/li>\n\n\n\n<li>mgr Marzena W\u0142odarczewska<\/li>\n\n\n\n<li>mgr Beata Zjawiona<\/li>\n\n\n\n<li>piel\u0119gniarka dyplomowana Marzena G\u0142\u0119bska<\/li>\n\n\n\n<li>piel\u0119gniarka dyplomowana Jolanta K\u0119pka<\/li>\n\n\n\n<li>piel\u0119gniarka dyplomowana Jolanta Ko\u015bciuk<\/li>\n\n\n\n<li>piel\u0119gniarka specjalista Monika Klepacz<\/li>\n\n\n\n<li>piel\u0119gniarka specjalista Aleksandra Kosin<\/li>\n\n\n\n<li>piel\u0119gniarka specjalista Hanna Mr\u00f3z<\/li>\n\n\n\n<li>lic. Agnieszka Frydrysiak<\/li>\n\n\n\n<li>lic. Bo\u017cena Nowacka<\/li>\n<\/ul>\n\n\n\n<p><strong>Psycholog:<\/strong> Anna Cie\u015blak-Wojciechowska \u2013 psycholog, psychoonkolog, dr nauk filozoficznych, psychogeriatria, opieka d\u0142ugoterminowa<\/p>\n\n\n\n<p><strong>Sekretariat:<\/strong><\/p>\n\n\n\n<ul class=\"wp-block-list\">\n<li>Magdalena Napad\u0142ek \u2013 sekretarka medyczna<\/li>\n\n\n\n<li>Ma\u0142gorzata Kalinowska-Resztek \u2013 statystyk medyczny<\/li>\n<\/ul>\n\n\n\n<hr class=\"wp-block-separator has-alpha-channel-opacity\"\/>\n\n\n\n<figure class=\"wp-block-gallery has-nested-images columns-default is-cropped wp-block-gallery-2 is-layout-flex wp-block-gallery-is-layout-flex\">\n<figure class=\"wp-block-image size-large\"><img loading=\"lazy\" decoding=\"async\" width=\"819\" height=\"786\" data-id=\"585\" src=\"https:\/\/rehabilitacjakardiologiczna.kopernik.lodz.pl\/wp-content\/uploads\/2025\/06\/korczak-foto-lek-1.jpg\" alt=\"\" class=\"wp-image-585\" srcset=\"https:\/\/rehabilitacjakardiologiczna.kopernik.lodz.pl\/wp-content\/uploads\/2025\/06\/korczak-foto-lek-1.jpg 819w, https:\/\/rehabilitacjakardiologiczna.kopernik.lodz.pl\/wp-content\/uploads\/2025\/06\/korczak-foto-lek-1-300x288.jpg 300w, https:\/\/rehabilitacjakardiologiczna.kopernik.lodz.pl\/wp-content\/uploads\/2025\/06\/korczak-foto-lek-1-768x737.jpg 768w\" sizes=\"auto, (max-width: 819px) 100vw, 819px\" \/><\/figure>\n\n\n\n<figure class=\"wp-block-image size-large\"><img loading=\"lazy\" decoding=\"async\" width=\"1024\" height=\"730\" data-id=\"586\" src=\"https:\/\/rehabilitacjakardiologiczna.kopernik.lodz.pl\/wp-content\/uploads\/2025\/06\/korczak-foto-lek-2-1024x730.jpg\" alt=\"\" class=\"wp-image-586\" srcset=\"https:\/\/rehabilitacjakardiologiczna.kopernik.lodz.pl\/wp-content\/uploads\/2025\/06\/korczak-foto-lek-2-1024x730.jpg 1024w, https:\/\/rehabilitacjakardiologiczna.kopernik.lodz.pl\/wp-content\/uploads\/2025\/06\/korczak-foto-lek-2-300x214.jpg 300w, https:\/\/rehabilitacjakardiologiczna.kopernik.lodz.pl\/wp-content\/uploads\/2025\/06\/korczak-foto-lek-2-768x548.jpg 768w, https:\/\/rehabilitacjakardiologiczna.kopernik.lodz.pl\/wp-content\/uploads\/2025\/06\/korczak-foto-lek-2.jpg 1108w\" sizes=\"auto, (max-width: 1024px) 100vw, 1024px\" \/><\/figure>\n\n\n\n<figure class=\"wp-block-image size-large\"><img loading=\"lazy\" decoding=\"async\" width=\"1024\" height=\"719\" data-id=\"587\" src=\"https:\/\/rehabilitacjakardiologiczna.kopernik.lodz.pl\/wp-content\/uploads\/2025\/06\/korczak-foto-lek-3-1024x719.jpg\" alt=\"\" class=\"wp-image-587\" srcset=\"https:\/\/rehabilitacjakardiologiczna.kopernik.lodz.pl\/wp-content\/uploads\/2025\/06\/korczak-foto-lek-3-1024x719.jpg 1024w, https:\/\/rehabilitacjakardiologiczna.kopernik.lodz.pl\/wp-content\/uploads\/2025\/06\/korczak-foto-lek-3-300x211.jpg 300w, https:\/\/rehabilitacjakardiologiczna.kopernik.lodz.pl\/wp-content\/uploads\/2025\/06\/korczak-foto-lek-3-768x539.jpg 768w, https:\/\/rehabilitacjakardiologiczna.kopernik.lodz.pl\/wp-content\/uploads\/2025\/06\/korczak-foto-lek-3-1536x1079.jpg 1536w, https:\/\/rehabilitacjakardiologiczna.kopernik.lodz.pl\/wp-content\/uploads\/2025\/06\/korczak-foto-lek-3.jpg 2048w\" sizes=\"auto, (max-width: 1024px) 100vw, 1024px\" \/><\/figure>\n<\/figure>\n\n\n\n<p class=\"has-text-align-center\">Zesp\u00f3\u0142 lekarski<\/p>\n\n\n\n<hr class=\"wp-block-separator has-alpha-channel-opacity\"\/>\n\n\n\n<div class=\"wp-block-media-text alignwide is-stacked-on-mobile\"><figure class=\"wp-block-media-text__media\"><img loading=\"lazy\" decoding=\"async\" width=\"1024\" height=\"721\" src=\"https:\/\/rehabilitacjakardiologiczna.kopernik.lodz.pl\/wp-content\/uploads\/2023\/12\/popioly-12a-1024x721.jpg\" alt=\"\" class=\"wp-image-442 size-full\" srcset=\"https:\/\/rehabilitacjakardiologiczna.kopernik.lodz.pl\/wp-content\/uploads\/2023\/12\/popioly-12a-1024x721.jpg 1024w, https:\/\/rehabilitacjakardiologiczna.kopernik.lodz.pl\/wp-content\/uploads\/2023\/12\/popioly-12a-300x211.jpg 300w, https:\/\/rehabilitacjakardiologiczna.kopernik.lodz.pl\/wp-content\/uploads\/2023\/12\/popioly-12a-768x541.jpg 768w, https:\/\/rehabilitacjakardiologiczna.kopernik.lodz.pl\/wp-content\/uploads\/2023\/12\/popioly-12a-1536x1081.jpg 1536w, https:\/\/rehabilitacjakardiologiczna.kopernik.lodz.pl\/wp-content\/uploads\/2023\/12\/popioly-12a-2048x1442.jpg 2048w\" sizes=\"auto, (max-width: 1024px) 100vw, 1024px\" \/><\/figure><div class=\"wp-block-media-text__content\">\n<p>Zesp\u00f3\u0142 fizjoterapeut\u00f3w<\/p>\n<\/div><\/div>\n\n\n\n<hr class=\"wp-block-separator has-alpha-channel-opacity\"\/>\n\n\n\n<div class=\"wp-block-media-text is-stacked-on-mobile\"><figure class=\"wp-block-media-text__media\"><img loading=\"lazy\" decoding=\"async\" width=\"1024\" height=\"784\" src=\"https:\/\/rehabilitacjakardiologiczna.kopernik.lodz.pl\/wp-content\/uploads\/2025\/06\/korczak-foto-pielegniarki-1024x784.jpg\" alt=\"\" class=\"wp-image-588 size-full\" srcset=\"https:\/\/rehabilitacjakardiologiczna.kopernik.lodz.pl\/wp-content\/uploads\/2025\/06\/korczak-foto-pielegniarki-1024x784.jpg 1024w, https:\/\/rehabilitacjakardiologiczna.kopernik.lodz.pl\/wp-content\/uploads\/2025\/06\/korczak-foto-pielegniarki-300x230.jpg 300w, https:\/\/rehabilitacjakardiologiczna.kopernik.lodz.pl\/wp-content\/uploads\/2025\/06\/korczak-foto-pielegniarki-768x588.jpg 768w, https:\/\/rehabilitacjakardiologiczna.kopernik.lodz.pl\/wp-content\/uploads\/2025\/06\/korczak-foto-pielegniarki-1536x1176.jpg 1536w, https:\/\/rehabilitacjakardiologiczna.kopernik.lodz.pl\/wp-content\/uploads\/2025\/06\/korczak-foto-pielegniarki.jpg 1884w\" sizes=\"auto, (max-width: 1024px) 100vw, 1024px\" \/><\/figure><div class=\"wp-block-media-text__content\">\n<p>Zesp\u00f3\u0142 piel\u0119gniarski<\/p>\n<\/div><\/div>\n\n\n\n<hr class=\"wp-block-separator has-alpha-channel-opacity\"\/>\n","protected":false},"excerpt":{"rendered":"<p>dr n. med. Rafa\u0142 Gawor \u2013 kierownik O\u015brodka lek. Agnieszka Miko\u0142ajczyk-Podlasek \u2013 z-ca kierownika O\u015brodka Zesp\u00f3\u0142 lekarski: Zesp\u00f3\u0142 fizjoterapeut\u00f3w: Zesp\u00f3\u0142 piel\u0119gniarski: Psycholog: Anna Cie\u015blak-Wojciechowska \u2013 psycholog, psychoonkolog, dr nauk filozoficznych, psychogeriatria, opieka d\u0142ugoterminowa Sekretariat: Zesp\u00f3\u0142 lekarski Zesp\u00f3\u0142 fizjoterapeut\u00f3w Zesp\u00f3\u0142 piel\u0119gniarski<\/p>\n","protected":false},"author":1,"featured_media":0,"parent":0,"menu_order":0,"comment_status":"closed","ping_status":"closed","template":"","meta":{"_acf_changed":false,"footnotes":""},"class_list":["post-116","page","type-page","status-publish","hentry"],"acf":[],"_links":{"self":[{"href":"https:\/\/rehabilitacjakardiologiczna.kopernik.lodz.pl\/index.php?rest_route=\/wp\/v2\/pages\/116","targetHints":{"allow":["GET"]}}],"collection":[{"href":"https:\/\/rehabilitacjakardiologiczna.kopernik.lodz.pl\/index.php?rest_route=\/wp\/v2\/pages"}],"about":[{"href":"https:\/\/rehabilitacjakardiologiczna.kopernik.lodz.pl\/index.php?rest_route=\/wp\/v2\/types\/page"}],"author":[{"embeddable":true,"href":"https:\/\/rehabilitacjakardiologiczna.kopernik.lodz.pl\/index.php?rest_route=\/wp\/v2\/users\/1"}],"replies":[{"embeddable":true,"href":"https:\/\/rehabilitacjakardiologiczna.kopernik.lodz.pl\/index.php?rest_route=%2Fwp%2Fv2%2Fcomments&post=116"}],"version-history":[{"count":26,"href":"https:\/\/rehabilitacjakardiologiczna.kopernik.lodz.pl\/index.php?rest_route=\/wp\/v2\/pages\/116\/revisions"}],"predecessor-version":[{"id":642,"href":"https:\/\/rehabilitacjakardiologiczna.kopernik.lodz.pl\/index.php?rest_route=\/wp\/v2\/pages\/116\/revisions\/642"}],"wp:attachment":[{"href":"https:\/\/rehabilitacjakardiologiczna.kopernik.lodz.pl\/index.php?rest_route=%2Fwp%2Fv2%2Fmedia&parent=116"}],"curies":[{"name":"wp","href":"https:\/\/api.w.org\/{rel}","templated":true}]}}